{"id":18,"date":"2022-09-28T10:06:33","date_gmt":"2022-09-28T08:06:33","guid":{"rendered":"http:\/\/anneverwaerde.be\/?page_id=18"},"modified":"2024-02-02T08:34:03","modified_gmt":"2024-02-02T07:34:03","slug":"qui-suis-je","status":"publish","type":"page","link":"https:\/\/anneverwaerde.be\/index.php\/qui-suis-je\/","title":{"rendered":"Qui suis-je ?"},"content":{"rendered":"<div class=\"wp-block-image\">\n<figure class=\"aligncenter size-full is-resized\"><img loading=\"lazy\" decoding=\"async\" width=\"427\" height=\"641\" src=\"http:\/\/anneverwaerde.be\/wp-content\/uploads\/2023\/11\/Anne-8859-2.jpeg\" alt=\"\" class=\"wp-image-438\" style=\"width:241px;height:undefinedpx\" srcset=\"https:\/\/anneverwaerde.be\/wp-content\/uploads\/2023\/11\/Anne-8859-2.jpeg 427w, https:\/\/anneverwaerde.be\/wp-content\/uploads\/2023\/11\/Anne-8859-2-200x300.jpeg 200w\" sizes=\"auto, (max-width: 427px) 100vw, 427px\" \/><figcaption class=\"wp-element-caption\">\u00a9 Sandrine de Waleffe<\/figcaption><\/figure>\n<\/div>\n\n\n<p><\/p>\n\n\n\n<p>Je suis psychologue clinicienne sp\u00e9cialis\u00e9e en orientation et en \u00e9ducation.<\/p>\n\n\n\n<p>J&rsquo;accompagne des jeunes en orientation et en r\u00e9orientation depuis plus de 20 ans \u00e0 la <a href=\"http:\/\/www.cpfb.be\/spip.php?rubrique5\" target=\"_blank\" rel=\"noreferrer noopener\">formation relais<\/a> au CPFB<strong>.<\/strong><\/p>\n\n\n\n<p>Je suis \u00e9galement coordinatrice p\u00e9dagogique et administrative des agr\u00e9gations (<a href=\"https:\/\/uclouvain.be\/fr\/facultes\/psp\/edef\/agregation-de-l-enseignement-secondaire-superieur-aess.html\">UCLouvain<\/a>).<\/p>\n\n\n\n<p>J\u2019ai \u00e9t\u00e9 aussi longtemps conseill\u00e8re \u00e0 la formation pour des adultes en reprise d\u2019\u00e9tudes, mais aussi enseignante dans des formations professionnalisantes en promotion sociale et en m\u00e9thodologie, chercheuse, conseill\u00e8re aux \u00e9tudes, j\u2019ai travaill\u00e9 dans l\u2019accompagnement de stages et de pratiques professionnelles.<\/p>\n\n\n\n<p>J&rsquo;ai toujours aim\u00e9 multiplier les casquettes et les exp\u00e9riences afin de nourrir une vision plus globale, d\u2019apprendre et de me renouveler et aussi de proposer un accompagnement collaboratif, sensible, positif et dynamique.<\/p>\n\n\n\n<p><strong>Num\u00e9ro d\u2019inscription \u00e0 la commission des psychologues<\/strong>&nbsp;:&nbsp;752229921&nbsp;\u2013&nbsp;<a href=\"http:\/\/www.compsy.be\/\" target=\"_blank\" rel=\"noreferrer noopener\">www.compsy.be<\/a>&nbsp;&#8211;&nbsp;<a href=\"https:\/\/www.compsy.be\/fr\/profile\/public-profile\/29921?view=owner\" target=\"_blank\" rel=\"noreferrer noopener\">https:\/\/www.compsy.be\/fr\/profile\/public-profile\/29921?view=owner<\/a><\/p>\n\n\n\n<p><strong>Num\u00e9ro de visa de psychologue clinicien<\/strong>&nbsp;: 402224&nbsp;\u2013 SPF Sant\u00e9 publique, S\u00e9curit\u00e9 de la Cha\u00eene alimentaire et Environnement<\/p>\n\n\n\n<h2 class=\"wp-block-heading has-text-color\" style=\"color:#f9612a\">Parmi mes formations&nbsp;:<\/h2>\n\n\n\n<ul class=\"wp-block-list\">\n<li>Licence en&nbsp;psychologie&nbsp;(dipl\u00f4m\u00e9e \u00e0 l\u2019UCLouvain) &#8211; 2000<\/li>\n<\/ul>\n\n\n\n<ul class=\"wp-block-list\">\n<li><a href=\"https:\/\/uclouvain.be\/fr\/facultes\/psp\/edef\/certificat-d-aptitude-pedagogique-approprie-a-l-enseignement-superieur.html\" target=\"_blank\" rel=\"noreferrer noopener\">Capaes<\/a> (UCLouvain) &#8211; 2008<\/li>\n<\/ul>\n\n\n\n<ul class=\"wp-block-list\">\n<li>CAPP \u2013 Certificat d\u2019accompagnement des formations professionnelles&nbsp; (UCLouvain) &#8211; 2019<\/li>\n<\/ul>\n\n\n\n<ul class=\"wp-block-list\">\n<li>R\u00e9cits de vie &#8211; <a href=\"https:\/\/www.marichela-vargas-psychologue.be\/\">Marichela Vargas<\/a> &#8211; initiation au recueil et \u00e0 l\u2019accompagnement des r\u00e9cits de vie (Uclouvain &#8211; Traces de vie) &#8211; 2008<\/li>\n<\/ul>\n\n\n\n<ul class=\"wp-block-list\">\n<li>Outil narratif Arbre de vie (<a href=\"https:\/\/www.cfip.be\/page\/formation-coaching-academie\/f1.html\" target=\"_blank\" rel=\"noreferrer noopener\">Acad\u00e9mie de coaching du CFIP<\/a> &#8211; Olga Belo-Marques) &#8211; 2022<\/li>\n<\/ul>\n\n\n\n<ul class=\"wp-block-list\">\n<li>Journal cr\u00e9atif (<a href=\"https:\/\/www.atelierdelaspirale.be\/\" target=\"_blank\" rel=\"noreferrer noopener\">Atelier de la spirale<\/a> &#8211; Nathalie Leplae) les 5 casquettes du formateur cr\u00e9atif, projet de vie \u2013 sous personnalit\u00e9s<\/li>\n<\/ul>\n\n\n\n<ul class=\"wp-block-list\">\n<li>Carnet de deuil (<a href=\"https:\/\/www.art-emoi.be\/\" target=\"_blank\" rel=\"noreferrer noopener\">Art-emoi<\/a> &#8211; Nathalie Hanot) &#8211;&nbsp;2021<\/li>\n<\/ul>\n\n\n\n<ul class=\"wp-block-list\">\n<li>Journal cr\u00e9atif du Burn out (<a href=\"https:\/\/www.art-emoi.be\/\" target=\"_blank\" rel=\"noreferrer noopener\">Art-emoi<\/a> &#8211; Nathalie Hanot) &#8211;&nbsp;2021<\/li>\n<\/ul>\n\n\n\n<ul class=\"wp-block-list\">\n<li>Enn\u00e9agramme et journal cr\u00e9atif (les ateliers d&rsquo;Entrevies)<\/li>\n<\/ul>\n\n\n\n<ul class=\"wp-block-list\">\n<li><a href=\"https:\/\/cathyassenheim.com\/hyper-academy\" target=\"_blank\" rel=\"noreferrer noopener\">Hyperacademy<\/a> &#8211; <a href=\"https:\/\/annuaire.cathyassenheim.com\/annuaire\/detail\/85\">R\u00e9pertoire des professionnels<\/a> form\u00e9s \u00e0 l&rsquo;approche de suivi des hypers &#8211; HPI et Hypersensibles de Cathy Assenheim <\/li>\n<\/ul>\n\n\n\n<ul class=\"wp-block-list\">\n<li>MBTI (Initiation &#8211; Etienne Bocquet)&nbsp;<\/li>\n<\/ul>\n\n\n\n<h2 class=\"wp-block-heading has-text-color\" style=\"color:#f9612a\">Mes mots cl\u00e9s<\/h2>\n\n\n<div class=\"wp-block-image\">\n<figure class=\"aligncenter size-large is-resized\"><img loading=\"lazy\" decoding=\"async\" width=\"1024\" height=\"1024\" src=\"http:\/\/anneverwaerde.be\/wp-content\/uploads\/2022\/11\/nuage-de-mots-site-AV-1024x1024.png\" alt=\"\" class=\"wp-image-325\" style=\"width:493px;height:493px\" srcset=\"https:\/\/anneverwaerde.be\/wp-content\/uploads\/2022\/11\/nuage-de-mots-site-AV.png 1024w, https:\/\/anneverwaerde.be\/wp-content\/uploads\/2022\/11\/nuage-de-mots-site-AV-300x300.png 300w, https:\/\/anneverwaerde.be\/wp-content\/uploads\/2022\/11\/nuage-de-mots-site-AV-150x150.png 150w, https:\/\/anneverwaerde.be\/wp-content\/uploads\/2022\/11\/nuage-de-mots-site-AV-768x768.png 768w\" sizes=\"auto, (max-width: 1024px) 100vw, 1024px\" \/><\/figure>\n<\/div>\n\n\n<ul class=\"wp-block-social-links is-layout-flex wp-block-social-links-is-layout-flex\"><li class=\"wp-social-link wp-social-link-facebook  wp-block-social-link\"><a href=\"https:\/\/www.facebook.com\/profile.php?id=100087777163612&#038;sk=about\" class=\"wp-block-social-link-anchor\"><svg width=\"24\" height=\"24\" viewBox=\"0 0 24 24\" version=\"1.1\" xmlns=\"http:\/\/www.w3.org\/2000\/svg\" aria-hidden=\"true\" focusable=\"false\"><path d=\"M12 2C6.5 2 2 6.5 2 12c0 5 3.7 9.1 8.4 9.9v-7H7.9V12h2.5V9.8c0-2.5 1.5-3.9 3.8-3.9 1.1 0 2.2.2 2.2.2v2.5h-1.3c-1.2 0-1.6.8-1.6 1.6V12h2.8l-.4 2.9h-2.3v7C18.3 21.1 22 17 22 12c0-5.5-4.5-10-10-10z\"><\/path><\/svg><span class=\"wp-block-social-link-label screen-reader-text\">Facebook<\/span><\/a><\/li>\n\n<li class=\"wp-social-link wp-social-link-linkedin  wp-block-social-link\"><a href=\"https:\/\/www.linkedin.com\/in\/anne-verwaerde-57644683\/\" class=\"wp-block-social-link-anchor\"><svg width=\"24\" height=\"24\" viewBox=\"0 0 24 24\" version=\"1.1\" xmlns=\"http:\/\/www.w3.org\/2000\/svg\" aria-hidden=\"true\" focusable=\"false\"><path d=\"M19.7,3H4.3C3.582,3,3,3.582,3,4.3v15.4C3,20.418,3.582,21,4.3,21h15.4c0.718,0,1.3-0.582,1.3-1.3V4.3 C21,3.582,20.418,3,19.7,3z M8.339,18.338H5.667v-8.59h2.672V18.338z M7.004,8.574c-0.857,0-1.549-0.694-1.549-1.548 c0-0.855,0.691-1.548,1.549-1.548c0.854,0,1.547,0.694,1.547,1.548C8.551,7.881,7.858,8.574,7.004,8.574z M18.339,18.338h-2.669 v-4.177c0-0.996-0.017-2.278-1.387-2.278c-1.389,0-1.601,1.086-1.601,2.206v4.249h-2.667v-8.59h2.559v1.174h0.037 c0.356-0.675,1.227-1.387,2.526-1.387c2.703,0,3.203,1.779,3.203,4.092V18.338z\"><\/path><\/svg><span class=\"wp-block-social-link-label screen-reader-text\">LinkedIn<\/span><\/a><\/li><\/ul>\n","protected":false},"excerpt":{"rendered":"<p>Je suis psychologue clinicienne sp\u00e9cialis\u00e9e en orientation et en \u00e9ducation. J&rsquo;accompagne des jeunes en orientation et en r\u00e9orientation depuis plus de 20 ans \u00e0 la formation relais au CPFB. Je suis \u00e9galement coordinatrice p\u00e9dagogique et administrative des agr\u00e9gations (UCLouvain). J\u2019ai \u00e9t\u00e9 aussi longtemps conseill\u00e8re \u00e0 la formation pour des adultes en reprise d\u2019\u00e9tudes, mais aussi [&hellip;]<\/p>\n","protected":false},"author":1,"featured_media":0,"parent":0,"menu_order":0,"comment_status":"closed","ping_status":"closed","template":"","meta":{"footnotes":""},"class_list":["post-18","page","type-page","status-publish","hentry"],"yoast_head":"<!-- This site is optimized with the Yoast SEO plugin v19.7.1 - https:\/\/yoast.com\/wordpress\/plugins\/seo\/ -->\n<title>Qui suis-je ? - Anne Verwaerde<\/title>\n<meta name=\"description\" content=\"Je suis psychologue d\u2019orientation-accompagnatrice de jeunes en orientation et en r\u00e9orientation depuis plus de 20 ans.\" \/>\n<meta name=\"robots\" content=\"index, follow, max-snippet:-1, max-image-preview:large, max-video-preview:-1\" \/>\n<link rel=\"canonical\" href=\"https:\/\/anneverwaerde.be\/index.php\/qui-suis-je\/\" \/>\n<meta property=\"og:locale\" content=\"fr_FR\" \/>\n<meta property=\"og:type\" content=\"article\" \/>\n<meta property=\"og:title\" content=\"Qui suis-je ? - Anne Verwaerde\" \/>\n<meta property=\"og:description\" content=\"Je suis psychologue d\u2019orientation-accompagnatrice de jeunes en orientation et en r\u00e9orientation depuis plus de 20 ans.\" \/>\n<meta property=\"og:url\" content=\"https:\/\/anneverwaerde.be\/index.php\/qui-suis-je\/\" \/>\n<meta property=\"og:site_name\" content=\"Anne Verwaerde\" \/>\n<meta property=\"article:modified_time\" content=\"2024-02-02T07:34:03+00:00\" \/>\n<meta property=\"og:image\" content=\"http:\/\/anneverwaerde.be\/wp-content\/uploads\/2023\/11\/Anne-8859-2.jpeg\" \/>\n<meta name=\"twitter:card\" content=\"summary_large_image\" \/>\n<meta name=\"twitter:label1\" content=\"Dur\u00e9e de lecture estim\u00e9e\" \/>\n\t<meta name=\"twitter:data1\" content=\"2 minutes\" \/>\n<script type=\"application\/ld+json\" class=\"yoast-schema-graph\">{\"@context\":\"https:\/\/schema.org\",\"@graph\":[{\"@type\":\"WebPage\",\"@id\":\"https:\/\/anneverwaerde.be\/index.php\/qui-suis-je\/\",\"url\":\"https:\/\/anneverwaerde.be\/index.php\/qui-suis-je\/\",\"name\":\"Qui suis-je ? - Anne Verwaerde\",\"isPartOf\":{\"@id\":\"https:\/\/anneverwaerde.be\/#website\"},\"datePublished\":\"2022-09-28T08:06:33+00:00\",\"dateModified\":\"2024-02-02T07:34:03+00:00\",\"description\":\"Je suis psychologue d\u2019orientation-accompagnatrice de jeunes en orientation et en r\u00e9orientation depuis plus de 20 ans.\",\"breadcrumb\":{\"@id\":\"https:\/\/anneverwaerde.be\/index.php\/qui-suis-je\/#breadcrumb\"},\"inLanguage\":\"fr-FR\",\"potentialAction\":[{\"@type\":\"ReadAction\",\"target\":[\"https:\/\/anneverwaerde.be\/index.php\/qui-suis-je\/\"]}]},{\"@type\":\"BreadcrumbList\",\"@id\":\"https:\/\/anneverwaerde.be\/index.php\/qui-suis-je\/#breadcrumb\",\"itemListElement\":[{\"@type\":\"ListItem\",\"position\":1,\"name\":\"Accueil\",\"item\":\"https:\/\/anneverwaerde.be\/\"},{\"@type\":\"ListItem\",\"position\":2,\"name\":\"Qui suis-je ?\"}]},{\"@type\":\"WebSite\",\"@id\":\"https:\/\/anneverwaerde.be\/#website\",\"url\":\"https:\/\/anneverwaerde.be\/\",\"name\":\"Anne Verwaerde\",\"description\":\"Psychologue clinicienne sp\u00e9cialis\u00e9e en orientation et en \u00e9ducation\",\"publisher\":{\"@id\":\"https:\/\/anneverwaerde.be\/#organization\"},\"potentialAction\":[{\"@type\":\"SearchAction\",\"target\":{\"@type\":\"EntryPoint\",\"urlTemplate\":\"https:\/\/anneverwaerde.be\/?s={search_term_string}\"},\"query-input\":\"required name=search_term_string\"}],\"inLanguage\":\"fr-FR\"},{\"@type\":\"Organization\",\"@id\":\"https:\/\/anneverwaerde.be\/#organization\",\"name\":\"Anne Verwaerde\",\"url\":\"https:\/\/anneverwaerde.be\/\",\"sameAs\":[],\"logo\":{\"@type\":\"ImageObject\",\"inLanguage\":\"fr-FR\",\"@id\":\"https:\/\/anneverwaerde.be\/#\/schema\/logo\/image\/\",\"url\":\"https:\/\/anneverwaerde.be\/wp-content\/uploads\/2022\/11\/cropped-Anne-Verwaerde.3.11.22-copie.gif\",\"contentUrl\":\"https:\/\/anneverwaerde.be\/wp-content\/uploads\/2022\/11\/cropped-Anne-Verwaerde.3.11.22-copie.gif\",\"width\":207,\"height\":200,\"caption\":\"Anne Verwaerde\"},\"image\":{\"@id\":\"https:\/\/anneverwaerde.be\/#\/schema\/logo\/image\/\"}}]}<\/script>\n<!-- \/ Yoast SEO plugin. -->","yoast_head_json":{"title":"Qui suis-je ? - Anne Verwaerde","description":"Je suis psychologue d\u2019orientation-accompagnatrice de jeunes en orientation et en r\u00e9orientation depuis plus de 20 ans.","robots":{"index":"index","follow":"follow","max-snippet":"max-snippet:-1","max-image-preview":"max-image-preview:large","max-video-preview":"max-video-preview:-1"},"canonical":"https:\/\/anneverwaerde.be\/index.php\/qui-suis-je\/","og_locale":"fr_FR","og_type":"article","og_title":"Qui suis-je ? - Anne Verwaerde","og_description":"Je suis psychologue d\u2019orientation-accompagnatrice de jeunes en orientation et en r\u00e9orientation depuis plus de 20 ans.","og_url":"https:\/\/anneverwaerde.be\/index.php\/qui-suis-je\/","og_site_name":"Anne Verwaerde","article_modified_time":"2024-02-02T07:34:03+00:00","og_image":[{"url":"http:\/\/anneverwaerde.be\/wp-content\/uploads\/2023\/11\/Anne-8859-2.jpeg"}],"twitter_card":"summary_large_image","twitter_misc":{"Dur\u00e9e de lecture estim\u00e9e":"2 minutes"},"schema":{"@context":"https:\/\/schema.org","@graph":[{"@type":"WebPage","@id":"https:\/\/anneverwaerde.be\/index.php\/qui-suis-je\/","url":"https:\/\/anneverwaerde.be\/index.php\/qui-suis-je\/","name":"Qui suis-je ? - Anne Verwaerde","isPartOf":{"@id":"https:\/\/anneverwaerde.be\/#website"},"datePublished":"2022-09-28T08:06:33+00:00","dateModified":"2024-02-02T07:34:03+00:00","description":"Je suis psychologue d\u2019orientation-accompagnatrice de jeunes en orientation et en r\u00e9orientation depuis plus de 20 ans.","breadcrumb":{"@id":"https:\/\/anneverwaerde.be\/index.php\/qui-suis-je\/#breadcrumb"},"inLanguage":"fr-FR","potentialAction":[{"@type":"ReadAction","target":["https:\/\/anneverwaerde.be\/index.php\/qui-suis-je\/"]}]},{"@type":"BreadcrumbList","@id":"https:\/\/anneverwaerde.be\/index.php\/qui-suis-je\/#breadcrumb","itemListElement":[{"@type":"ListItem","position":1,"name":"Accueil","item":"https:\/\/anneverwaerde.be\/"},{"@type":"ListItem","position":2,"name":"Qui suis-je ?"}]},{"@type":"WebSite","@id":"https:\/\/anneverwaerde.be\/#website","url":"https:\/\/anneverwaerde.be\/","name":"Anne Verwaerde","description":"Psychologue clinicienne sp\u00e9cialis\u00e9e en orientation et en \u00e9ducation","publisher":{"@id":"https:\/\/anneverwaerde.be\/#organization"},"potentialAction":[{"@type":"SearchAction","target":{"@type":"EntryPoint","urlTemplate":"https:\/\/anneverwaerde.be\/?s={search_term_string}"},"query-input":"required name=search_term_string"}],"inLanguage":"fr-FR"},{"@type":"Organization","@id":"https:\/\/anneverwaerde.be\/#organization","name":"Anne Verwaerde","url":"https:\/\/anneverwaerde.be\/","sameAs":[],"logo":{"@type":"ImageObject","inLanguage":"fr-FR","@id":"https:\/\/anneverwaerde.be\/#\/schema\/logo\/image\/","url":"https:\/\/anneverwaerde.be\/wp-content\/uploads\/2022\/11\/cropped-Anne-Verwaerde.3.11.22-copie.gif","contentUrl":"https:\/\/anneverwaerde.be\/wp-content\/uploads\/2022\/11\/cropped-Anne-Verwaerde.3.11.22-copie.gif","width":207,"height":200,"caption":"Anne Verwaerde"},"image":{"@id":"https:\/\/anneverwaerde.be\/#\/schema\/logo\/image\/"}}]}},"_links":{"self":[{"href":"https:\/\/anneverwaerde.be\/index.php\/wp-json\/wp\/v2\/pages\/18","targetHints":{"allow":["GET"]}}],"collection":[{"href":"https:\/\/anneverwaerde.be\/index.php\/wp-json\/wp\/v2\/pages"}],"about":[{"href":"https:\/\/anneverwaerde.be\/index.php\/wp-json\/wp\/v2\/types\/page"}],"author":[{"embeddable":true,"href":"https:\/\/anneverwaerde.be\/index.php\/wp-json\/wp\/v2\/users\/1"}],"replies":[{"embeddable":true,"href":"https:\/\/anneverwaerde.be\/index.php\/wp-json\/wp\/v2\/comments?post=18"}],"version-history":[{"count":37,"href":"https:\/\/anneverwaerde.be\/index.php\/wp-json\/wp\/v2\/pages\/18\/revisions"}],"predecessor-version":[{"id":453,"href":"https:\/\/anneverwaerde.be\/index.php\/wp-json\/wp\/v2\/pages\/18\/revisions\/453"}],"wp:attachment":[{"href":"https:\/\/anneverwaerde.be\/index.php\/wp-json\/wp\/v2\/media?parent=18"}],"curies":[{"name":"wp","href":"https:\/\/api.w.org\/{rel}","templated":true}]}}